{"id":111,"date":"2024-02-19T10:33:04","date_gmt":"2024-02-19T09:33:04","guid":{"rendered":"https:\/\/agamagrangesdemallorca.com\/politica-de-privacidad\/"},"modified":"2026-04-14T13:07:55","modified_gmt":"2026-04-14T11:07:55","slug":"politica-de-privacitat","status":"publish","type":"page","link":"https:\/\/www.agamagrangesdemallorca.com\/ca\/politica-de-privacitat\/","title":{"rendered":"Pol\u00edtica de privacitat"},"content":{"rendered":"\n<p>Aquest document descriu la manera com des de AGAMA MANACOR 249, S.L tractarem les dades personals dels nostres clients i usuaris web, en compliment de la normativa vigent en mat\u00e8ria de protecci\u00f3 de dades.<\/p>\n\n\n\n<p>Hi facilitarem tota la informaci\u00f3 legal sobre l&#8217;\u00fas que farem sobre les seves dades personals: les finalitats per a les quals les volem tractar, les bases legals que ho permeten, els per\u00edodes de temps durant els quals les conservarem, els tercers aliens a AGAMA MANACOR 249, S.L amb els quals, si escau, les podr\u00edem haver de compartir, o els drets que els nostres clients i usuaris poden exercir, entre altres q\u00fcestions.<\/p>\n\n\n\n<p><\/p>\n\n\n\n<h3 class=\"wp-block-heading\">1. Qui \u00e9s el Responsable del Tractament de les seves dades personals?<\/h3>\n\n\n\n<p>L&#8217;entitat legalment Responsable del Tractament de les seves dades personals \u00e9s la companyia mercantil AGAMA MANACOR 249, S.L (d&#8217;ara endavant, \u201cel Responsable del Tractament\u201d), amb domicili a Palma de Mallorca, calle Manacor, 249, CIF B66937616 &nbsp;i correu electr\u00f2nic <a href=\"mailto:privacidad@agamagrangesdemallorca.com\">privacidad@agamagrangesdemallorca.com<\/a>.<\/p>\n\n\n\n<p><\/p>\n\n\n\n<h3 class=\"wp-block-heading\">2. Quines dades personals s\u00f3n objecte de tractament?<\/h3>\n\n\n\n<p>El Responsable del Tractament tractar\u00e0 les dades personals d&#8217;aquelles persones f\u00edsiques (clients, potencials clients o usuaris de les nostres p\u00e0gines web, d&#8217;ara endavant nomenats tots ells \u00ab<strong>l&#8217;Interessat<\/strong>\u00bb) que ens les facilitin per a les finalitats que es descriuen a l&#8217;apartat 4 d&#8217;aquesta Pol\u00edtica de Privacitat.<\/p>\n\n\n\n<p>Per aix\u00f2, el Responsable del Tractament tractar\u00e0 les dades personals seg\u00fcents:<\/p>\n\n\n\n<figure class=\"wp-block-table\"><table class=\"has-fixed-layout\"><tbody><tr><td><strong>Categoria<\/strong><\/td><td><strong>Dades personals<\/strong><\/td><\/tr><tr><td><strong>Dades identificatives<\/strong><\/td><td>Nom i cognoms, DNI, n\u00famero de tel\u00e8fon de contacte<\/td><\/tr><tr><td><strong>Dades de contacte<\/strong><\/td><td>Correu electr\u00f2nic, tel\u00e8fon de contacte i adre\u00e7a postal<\/td><\/tr><\/tbody><\/table><\/figure>\n\n\n\n<p><\/p>\n\n\n\n<h3 class=\"wp-block-heading\">3. Com hem obtingut les seves dades personals?<\/h3>\n\n\n\n<p>Les dades personals que el Responsable del Tractament recaptar\u00e0 de l&#8217;Interessat i tractar\u00e0 s\u00f3n:<\/p>\n\n\n\n<ul class=\"wp-block-list\">\n<li>les que aquest mateix ens facilitar\u00e0 directament en registrar-se a la nostra p\u00e0gina web;<\/li>\n\n\n\n<li>les que es demanen durant qualsevol proc\u00e9s de compra; i<\/li>\n\n\n\n<li>les que pugui facilitar l\u2019interessat durant la seva relaci\u00f3 comercial i contractual, o en formular qualsevol consulta, petici\u00f3, queixa o reclamaci\u00f3.<\/li>\n<\/ul>\n\n\n\n<p>D&#8217;aquesta manera i per regla general, el Responsable del Tractament no recopilar\u00e0 informaci\u00f3 personal dels seus interessats per altres fonts externes, nom\u00e9s directament d\u2019ells. Pel que fa a aix\u00f2, i per aquest motiu, l&#8217;Interessat garanteix que tota la informaci\u00f3 i\/o documentaci\u00f3 que pugui facilitar al Responsable del Tractament \u00e9s vera\u00e7 i de la seva titularitat. En aquells sup\u00f2sits excepcionals en qu\u00e8 sigui un tercer qui ens faciliti informaci\u00f3 personal d&#8217;un interessat (com succeeix quan es gestiona una visita per a un grup de diverses persones), s&#8217;advertir\u00e0 expressament de (i) la necessitat que aquest tercer estigui degudament autoritzat per proporcionar al Responsable del Tractament aquesta informaci\u00f3 personal i de (ii) la manera com els interessats rebran aquesta informaci\u00f3 legal.<\/p>\n\n\n\n<p><\/p>\n\n\n\n<h3 class=\"wp-block-heading\">4. Amb quina finalitat i legitimaci\u00f3 tractem les seves dades personals?<\/h3>\n\n\n\n<p>El Responsable del Tractament tractar\u00e0 les dades de l\u2019Interessat amb les finalitats i d&#8217;acord amb les bases legitimadores que detallem a continuaci\u00f3:<\/p>\n\n\n\n<h4 class=\"wp-block-heading\">4.1.&nbsp;&nbsp;&nbsp;&nbsp;&nbsp;&nbsp;&nbsp; Tractaments necessaris per complir obligacions legals<\/h4>\n\n\n\n<p>El Responsable del Tractament necessitar\u00e0 tractar dades personals dels interessats per complir les diferents obligacions legals que en cada moment li resultin exigibles. Aquestes obligacions existiran i s&#8217;hauran de complir fins i tot una vegada acabada la seva relaci\u00f3 contractual amb ells, segons escaigui en cada cas.<\/p>\n\n\n\n<p>A conseq\u00fc\u00e8ncia d&#8217;aquestes obligacions legals, es duran a terme els tractaments seg\u00fcents a t\u00edtol enunciatiu:<strong><\/strong><\/p>\n\n\n\n<ul class=\"wp-block-list\">\n<li><strong>Compliment d&#8217;obligacions legals, fiscals, comptables i requeriments judicials<\/strong>. El Responsable del Tractament tractar\u00e0 les dades personals de l\u2019Interessat per al compliment d&#8217;obligacions d&#8217;\u00edndole comptable, legal, fiscal, administrativa, aix\u00ed com atendre aquells requeriments que provinguin del Jutjat o Tribunal, Cossos i Forces de Seguretat de l&#8217;Estat o qualsevol altra Administraci\u00f3 P\u00fablica competent a qu\u00e8 est\u00e0 obligat el Responsable del Tractament.<\/li>\n\n\n\n<li><strong>Servei d&#8217;atenci\u00f3 al client<\/strong>. El Responsable del Tractament tractar\u00e0 les dades personals dels clients (nom, tel\u00e8fon i correu electr\u00f2nic de contacte) per gestionar les sol\u00b7licituds, peticions, preguntes o reclamacions que puguin traslladar-li a trav\u00e9s del Servei d&#8217;Atenci\u00f3 al Client. Aix\u00ed mateix, el Responsable del Tractament tamb\u00e9 tractar\u00e0 les dades personals dels usuaris de xarxes socials que interactu\u00efn amb els comptes oficials (nom d&#8217;usuari, nom i cognoms, correu electr\u00f2nic i foto de perfil de l&#8217;usuari) per formular qualsevol consulta, petici\u00f3, queixa o reclamaci\u00f3.<\/li>\n<\/ul>\n\n\n\n<h4 class=\"wp-block-heading\">4.2.&nbsp;&nbsp;&nbsp;&nbsp;&nbsp;&nbsp;&nbsp; Tractaments realitzats sobre la base del consentiment de l&#8217;Interessat<\/h4>\n\n\n\n<p>Sempre que l&#8217;Interessat hagi prestat el seu consentiment, el Responsable del Tractament podr\u00e0 dur a terme els tractaments de dades seg\u00fcents:<\/p>\n\n\n\n<ul class=\"wp-block-list\">\n<li><strong>Enviament de comunicacions comercials de promocions, productes<\/strong> <strong>i serveis<\/strong> que podran ser remeses tant per via postal, com per correu electr\u00f2nic, SMS, sistemes de missatgeria instant\u00e0nia o qualsevol altre mitj\u00e0 de comunicaci\u00f3 electr\u00f2nica equivalent. Per aix\u00f2 les seves dades personals podran ser tractades per a l&#8217;elaboraci\u00f3 de perfils basats en fonts internes els resultats dels quals permetin la confecci\u00f3 i l&#8217;an\u00e0lisi de productes personalitzats, a trav\u00e9s de segmentaci\u00f3 en diferents grups en relaci\u00f3 amb patrons comuns de consum.<\/li>\n<\/ul>\n\n\n\n<p>L&#8217;Interessat pot en tot cas negar-se a donar la seva autoritzaci\u00f3 (o donar-la inicialment, per\u00f2 m\u00e9s endavant retirar-la), sense que aix\u00f2 perjudiqui la relaci\u00f3 amb el Responsable del Tractament o li suposi cap perjudici. Aix\u00f2 no obstant, l&#8217;Interessat s\u00ed que ha de saber que si retira la seva autoritzaci\u00f3 aix\u00f2 no afectar\u00e0 la legitimitat del que el Responsable del Tractament hagi realitzat fins aquell moment, ja que no t\u00e9 efectes retroactius.<\/p>\n\n\n\n<h4 class=\"wp-block-heading\">4.3.&nbsp;&nbsp;&nbsp;&nbsp;&nbsp;&nbsp;&nbsp; Tractaments necessaris per al desenvolupament de la relaci\u00f3 contractual entre el Responsable del Tractament i l&#8217;Interessat<\/h4>\n\n\n\n<p>El Responsable del Tractament podr\u00e0 realitzar aquells tractaments necessaris per a la formalitzaci\u00f3, control i compliment de la relaci\u00f3 contractual entre ell mateix i l\u2019Interessat:<\/p>\n\n\n\n<ul class=\"wp-block-list\">\n<li><strong>Si l&#8217;Interessat fa una compra en l\u00ednia, gestionarem la seva compra i el lliurament dels productes adquirits<\/strong>, tractant les dades personals que ens hagi facilitat en fer la comanda (nom, cognoms, tel\u00e8fon, correu electr\u00f2nic, majoria d&#8217;edat, adre\u00e7a postal). <\/li>\n\n\n\n<li>Si l&#8217;Interessat <strong>participa en promocions publicit\u00e0ries<\/strong>, gestionarem la seva participaci\u00f3. Addicionalment, en cas que resulti guanyador, el Responsable del Tractament tractar\u00e0 les seves dades personals (nom, cognoms, correu electr\u00f2nic i codi postal) per gestionar el lliurament del premi. Si per raons de transpar\u00e8ncia an\u00e9ssim a divulgar una fotografia del guanyador del concurs o premiat del sorteig, aix\u00ed ho indicar\u00edem expressament i pr\u00e8viament a la inscripci\u00f3, al mateix formulari d&#8217;inscripci\u00f3.<\/li>\n<\/ul>\n\n\n\n<h4 class=\"wp-block-heading\">4.4.&nbsp;&nbsp;&nbsp;&nbsp;&nbsp;&nbsp;&nbsp; Tractaments emparats en l&#8217;inter\u00e8s leg\u00edtim del Responsable del Tractament<\/h4>\n\n\n\n<p>El Responsable del Tractament dur\u00e0 a terme altres tractaments addicionals a l&#8217;empara de l&#8217;inter\u00e8s leg\u00edtim previst a la normativa en mat\u00e8ria de protecci\u00f3 de dades vigent.<\/p>\n\n\n\n<p>Sobre aquests tractaments, l&#8217;Interessat t\u00e9 dret a (i) obtenir m\u00e9s informaci\u00f3 sobre en qu\u00e8 consisteix aquest \u00ab<em>inter\u00e8s leg\u00edtim<\/em>\u00bb, (ii) a saber com ha arribat el Responsable del Tractament a la conclusi\u00f3 que no perjudiquen la protecci\u00f3 de les seves dades personals, (iii) o directament a oposar-s&#8217;hi.<\/p>\n\n\n\n<p>De tots ells, el Responsable del Tractament ha fet el que es coneix com a \u00ab<em>prova de sospesament<\/em>\u00bb. Es tracta d&#8217;una an\u00e0lisi interna per confirmar que l&#8217;inter\u00e8s leg\u00edtim no perjudica els interessos de l\u2019Interessat en la protecci\u00f3 de les seves dades personals. Si l&#8217;Interessat vol m\u00e9s informaci\u00f3 sobre aquesta prova, pot sol\u00b7licitar-ho a trav\u00e9s de l&#8217;adre\u00e7a de correu <a href=\"mailto:privacidad@agamagrangesdemallorca.com\">privacidad@agamagrangesdemallorca.com<\/a>.<\/p>\n\n\n\n<p>Aquests tractaments s\u00f3n els que es detallen a continuaci\u00f3.<\/p>\n\n\n\n<ul class=\"wp-block-list\">\n<li>Les entitats del Grup Damm podran tenir acc\u00e9s a les dades de l\u2019Interessat per dur a terme <strong>tasques internes de car\u00e0cter administratiu<\/strong> i comptable.<\/li>\n\n\n\n<li>Quan l\u2019<strong>Interessat sigui una persona jur\u00eddica<\/strong>, el Responsable del Tractament tractar\u00e0 les dades de car\u00e0cter identificatiu i de contacte de les persones de contacte per satisfer l&#8217;inter\u00e8s leg\u00edtim que t\u00e9 de mantenir el contacte.<\/li>\n<\/ul>\n\n\n\n<p>El Responsable del Tractament tamb\u00e9 tractar\u00e0 la informaci\u00f3 personal dels nostres usuaris aplicant t\u00e8cniques d&#8217;anonimitzaci\u00f3 o pseudonimitzaci\u00f3, per tal de tractar-les per a <strong>finalitats estad\u00edstiques<\/strong> per a l&#8217;emissi\u00f3 de conclusions en relaci\u00f3 amb el seu comportament i, aix\u00ed, millorar els nostres serveis i, conseg\u00fcentment, la satisfacci\u00f3 dels nostres clients.<\/p>\n\n\n\n<p><\/p>\n\n\n\n<h4 class=\"wp-block-heading\">4.5.&nbsp;&nbsp;&nbsp;&nbsp;&nbsp;&nbsp;&nbsp; Tractament realitzat sobre la base d&#8217;un inter\u00e8s p\u00fablic<\/h4>\n\n\n\n<p>En els establiments i instal\u00b7lacions del Responsable del Tractament hi ha instal\u00b7lades c\u00e0meres de videovigil\u00e0ncia que recolliran i tractaran la imatge personal de qualsevol Interessat que accedeixi a l\u2019interior.<\/p>\n\n\n\n<p>La finalitat d&#8217;aquest tractament \u00e9s protegir les instal\u00b7lacions i els actius que hi siguin dins, aix\u00ed com la mateixa indemnitat i seguretat de les persones que tamb\u00e9 es trobin en aquestes instal\u00b7lacions. D\u2019acord amb la normativa vigent en mat\u00e8ria de protecci\u00f3 de dades, aquest tractament es basa en el compliment d\u2019una missi\u00f3 d\u2019inter\u00e8s p\u00fablic.<\/p>\n\n\n\n<p>Les imatges no seran cedides a cap tercer i nom\u00e9s es conservaran durant el termini d&#8217;un mes des que van ser obtingudes. No obstant aix\u00f2, en el cas que ho sol\u00b7liciti una autoritat competent (Jutjats i Tribunals, Forces i Cossos de Seguretat), el Responsable del Tractament cedir\u00e0 aquestes imatges a aquesta autoritat. En altres casos, les autoritats esmentades poden ordenar al Responsable del Tractament la conservaci\u00f3 de les imatges m\u00e9s enll\u00e0 del termini legalment perm\u00e8s. Les imatges tamb\u00e9 seran utilitzades pel Responsable del Tractament, com a evid\u00e8ncia o prova, en cas que hagi d&#8217;exigir responsabilitat a un interessat per qualsevol actuaci\u00f3 il\u00b7l\u00edcita.<\/p>\n\n\n\n<p><\/p>\n\n\n\n<h3 class=\"wp-block-heading\">5. Durant quant temps conservar\u00e0 el Responsable del Tractament les seves dades?<\/h3>\n\n\n\n<p>Les dades personals de l\u2019Interessat seran conservades fins a complir-se la finalitat per a la qual es van demanar. Despr\u00e9s d&#8217;aix\u00f2, i abans de procedir a la seva destrucci\u00f3, es conservaran degudament bloquejats, per fer front a possibles reclamacions i tenir-los a disposici\u00f3 de les autoritats competents, durant els terminis de prescripci\u00f3 legalment establerts. En aquests casos, seran adoptades les mesures t\u00e8cniques i organitzatives necess\u00e0ries per garantir que nom\u00e9s es fan servir per a aquesta finalitat.<\/p>\n\n\n\n<p><\/p>\n\n\n\n<h3 class=\"wp-block-heading\">6. A qui comunicarem les seves dades?<\/h3>\n\n\n\n<p>El Responsable del Tractament \u00fanicament comunicar\u00e0 les dades personals de l&#8217;Interessat a aquells tercers, organismes i institucions p\u00fabliques competents, de les administracions auton\u00f2miques i locals, incloent-hi els \u00f2rgans jurisdiccionals als quals estigui legalment obligat a facilitar-les.<\/p>\n\n\n\n<p>Al marge de les anteriors comunicacions de dades, el Responsable del Tractament comptar\u00e0 amb la col\u00b7laboraci\u00f3 de tercers prove\u00efdors de serveis que poden tenir acc\u00e9s a les dades personals i que les tractaran en nom i per compte d&#8217;aquest a conseq\u00fc\u00e8ncia de la prestaci\u00f3 de serveis.<\/p>\n\n\n\n<p>El Responsable del Tractament segueix uns criteris adequats de selecci\u00f3 de prove\u00efdors de serveis per tal de donar compliment a les seves obligacions en mat\u00e8ria de protecci\u00f3 de dades i es compromet a subscriure amb ells el corresponent contracte de tractament de dades, mitjan\u00e7ant el qual els imposar\u00e0 les obligacions establertes a la normativa aplicable.&nbsp;<\/p>\n\n\n\n<p>D&#8217;altra banda, les dades personals de l\u2019Interessat no seran transferides internacionalment. No obstant aix\u00f2, en cas que les dades personals arribessin a ser transferides internacionalment a conseq\u00fc\u00e8ncia de la relaci\u00f3 del Responsable del Tractament amb els seus prove\u00efdors de serveis, aquest informar\u00e0 l\u2019Interessat sobre aquestes transfer\u00e8ncies i aquestes es realitzaran de conformitat amb la normativa aplicable de protecci\u00f3 de dades personals i, en particular, s&#8217;adoptaran garanties suficients que permetin acreditar que els prove\u00efdors proporcionen un nivell equiparable al nivell exigible a la Uni\u00f3 Europea<a><\/a><a><\/a><a>.<\/a><\/p>\n\n\n\n<p><\/p>\n\n\n\n<h3 class=\"wp-block-heading\">7. Quins s\u00f3n els seus drets?<\/h3>\n\n\n\n<p>L&#8217;Interessat pot exercir, si ho desitja, els seus drets d&#8217;acc\u00e9s, rectificaci\u00f3 i supressi\u00f3, aix\u00ed com sol\u00b7licitar que es limiti el tractament de les seves dades personals, oposar-s&#8217;hi, sol\u00b7licitar la portabilitat de les seves dades, aix\u00ed com no ser objecte de decisions individuals automatitzades, i retirar-ne el consentiment, remetent una comunicaci\u00f3 per escrit a l&#8217;Oficina de Privacitat del Responsable del Tractament a l&#8217;adre\u00e7a postal de Palma de Mallorca, calle Manacor, 249, o a l&#8217;adre\u00e7a de correu electr\u00f2nic <a href=\"mailto:privacidad@agamagrangesdemallorca.com\">privacidad@agamagrangesdemallorca.com<\/a>, facilitant un document oficial que acrediti la seva identitat, quan sigui necessari.<\/p>\n\n\n\n<p>Tamb\u00e9 pot presentar una reclamaci\u00f3 davant l&#8217;Ag\u00e8ncia Espanyola de Protecci\u00f3 de Dades en relaci\u00f3 amb la resposta que hagi rebut en atendre els seus drets. En qualsevol cas, l\u2019Interessat es podr\u00e0 adre\u00e7ar al Delegat de Protecci\u00f3 de Dades, accessible a trav\u00e9s de correu electr\u00f2nic <a href=\"mailto:dpo@dammcorporate.com\">dpo@dammcorporate.com<\/a>, per solucionar qualsevol reclamaci\u00f3 per tal que puguem ajudar-lo, aix\u00ed com qualsevol q\u00fcesti\u00f3 relacionada amb les seves funcions.<\/p>\n","protected":false},"excerpt":{"rendered":"<p>Aquest document descriu la manera com des de AGAMA MANACOR 249, S.L tractarem les dades personals dels nostres clients i usuaris web, en compliment de la normativa vigent en mat\u00e8ria de protecci\u00f3 de dades. Hi facilitarem tota la informaci\u00f3 legal sobre l&#8217;\u00fas que farem sobre les seves dades personals: les finalitats per a les quals [&hellip;]<\/p>\n","protected":false},"author":1,"featured_media":0,"parent":0,"menu_order":90,"comment_status":"closed","ping_status":"closed","template":"page-legal.php","meta":{"_acf_changed":false,"inline_featured_image":false,"footnotes":""},"class_list":["post-111","page","type-page","status-publish","hentry"],"acf":[],"yoast_head":"<!-- This site is optimized with the Yoast SEO plugin v25.5 - https:\/\/yoast.com\/wordpress\/plugins\/seo\/ -->\n<title>Pol\u00edtica de privacitat - AGAMA | Leche de granjas de Mallorca<\/title>\n<meta name=\"robots\" content=\"index, follow, max-snippet:-1, max-image-preview:large, max-video-preview:-1\" \/>\n<link rel=\"canonical\" href=\"https:\/\/www.agamagrangesdemallorca.com\/ca\/politica-de-privacitat\/\" \/>\n<meta property=\"og:locale\" content=\"ca_ES\" \/>\n<meta property=\"og:type\" content=\"article\" \/>\n<meta property=\"og:title\" content=\"Pol\u00edtica de privacitat - AGAMA | Leche de granjas de Mallorca\" \/>\n<meta property=\"og:description\" content=\"Aquest document descriu la manera com des de AGAMA MANACOR 249, S.L tractarem les dades personals dels nostres clients i usuaris web, en compliment de la normativa vigent en mat\u00e8ria de protecci\u00f3 de dades. Hi facilitarem tota la informaci\u00f3 legal sobre l&#8217;\u00fas que farem sobre les seves dades personals: les finalitats per a les quals [&hellip;]\" \/>\n<meta property=\"og:url\" content=\"https:\/\/www.agamagrangesdemallorca.com\/ca\/politica-de-privacitat\/\" \/>\n<meta property=\"og:site_name\" content=\"AGAMA | Leche de granjas de Mallorca\" \/>\n<meta property=\"article:publisher\" content=\"https:\/\/www.facebook.com\/laccao.mallorca\" \/>\n<meta property=\"article:modified_time\" content=\"2026-04-14T11:07:55+00:00\" \/>\n<meta name=\"twitter:card\" content=\"summary_large_image\" \/>\n<meta name=\"twitter:label1\" content=\"Temps estimat de lectura\" \/>\n\t<meta name=\"twitter:data1\" content=\"11 minuts\" \/>\n<script type=\"application\/ld+json\" class=\"yoast-schema-graph\">{\"@context\":\"https:\/\/schema.org\",\"@graph\":[{\"@type\":\"WebPage\",\"@id\":\"https:\/\/www.agamagrangesdemallorca.com\/ca\/politica-de-privacitat\/\",\"url\":\"https:\/\/www.agamagrangesdemallorca.com\/ca\/politica-de-privacitat\/\",\"name\":\"Pol\u00edtica de privacitat - AGAMA | Leche de granjas de Mallorca\",\"isPartOf\":{\"@id\":\"https:\/\/www.agamagrangesdemallorca.com\/ca\/#website\"},\"datePublished\":\"2024-02-19T09:33:04+00:00\",\"dateModified\":\"2026-04-14T11:07:55+00:00\",\"breadcrumb\":{\"@id\":\"https:\/\/www.agamagrangesdemallorca.com\/ca\/politica-de-privacitat\/#breadcrumb\"},\"inLanguage\":\"ca\",\"potentialAction\":[{\"@type\":\"ReadAction\",\"target\":[\"https:\/\/www.agamagrangesdemallorca.com\/ca\/politica-de-privacitat\/\"]}]},{\"@type\":\"BreadcrumbList\",\"@id\":\"https:\/\/www.agamagrangesdemallorca.com\/ca\/politica-de-privacitat\/#breadcrumb\",\"itemListElement\":[{\"@type\":\"ListItem\",\"position\":1,\"name\":\"Portada\",\"item\":\"https:\/\/www.agamagrangesdemallorca.com\/ca\/\"},{\"@type\":\"ListItem\",\"position\":2,\"name\":\"Pol\u00edtica de privacitat\"}]},{\"@type\":\"WebSite\",\"@id\":\"https:\/\/www.agamagrangesdemallorca.com\/ca\/#website\",\"url\":\"https:\/\/www.agamagrangesdemallorca.com\/ca\/\",\"name\":\"AGAMA | Leche de granjas de Mallorca\",\"description\":\"Desde 1958 las Granjas de Mallorca nos suministran leche reci\u00e9n orde\u00f1ada para elaborar nuestros deliciosos productos AGAMA.\",\"publisher\":{\"@id\":\"https:\/\/www.agamagrangesdemallorca.com\/ca\/#organization\"},\"potentialAction\":[{\"@type\":\"SearchAction\",\"target\":{\"@type\":\"EntryPoint\",\"urlTemplate\":\"https:\/\/www.agamagrangesdemallorca.com\/ca\/?s={search_term_string}\"},\"query-input\":{\"@type\":\"PropertyValueSpecification\",\"valueRequired\":true,\"valueName\":\"search_term_string\"}}],\"inLanguage\":\"ca\"},{\"@type\":\"Organization\",\"@id\":\"https:\/\/www.agamagrangesdemallorca.com\/ca\/#organization\",\"name\":\"AGAMA | Leche de granjas de Mallorca\",\"url\":\"https:\/\/www.agamagrangesdemallorca.com\/ca\/\",\"logo\":{\"@type\":\"ImageObject\",\"inLanguage\":\"ca\",\"@id\":\"https:\/\/www.agamagrangesdemallorca.com\/ca\/#\/schema\/logo\/image\/\",\"url\":\"https:\/\/agamagrangesdemallorca.com\/wp-content\/uploads\/2024\/02\/agama-asociacion-general-agraria-mallorquina-b.svg\",\"contentUrl\":\"https:\/\/agamagrangesdemallorca.com\/wp-content\/uploads\/2024\/02\/agama-asociacion-general-agraria-mallorquina-b.svg\",\"width\":\"1024\",\"height\":\"1024\",\"caption\":\"AGAMA | Leche de granjas de Mallorca\"},\"image\":{\"@id\":\"https:\/\/www.agamagrangesdemallorca.com\/ca\/#\/schema\/logo\/image\/\"},\"sameAs\":[\"https:\/\/www.facebook.com\/laccao.mallorca\",\"https:\/\/www.instagram.com\/agamamallorca\/\",\"https:\/\/www.pinterest.es\/laccao\/\"]}]}<\/script>\n<!-- \/ Yoast SEO plugin. -->","yoast_head_json":{"title":"Pol\u00edtica de privacitat - AGAMA | Leche de granjas de Mallorca","robots":{"index":"index","follow":"follow","max-snippet":"max-snippet:-1","max-image-preview":"max-image-preview:large","max-video-preview":"max-video-preview:-1"},"canonical":"https:\/\/www.agamagrangesdemallorca.com\/ca\/politica-de-privacitat\/","og_locale":"ca_ES","og_type":"article","og_title":"Pol\u00edtica de privacitat - AGAMA | Leche de granjas de Mallorca","og_description":"Aquest document descriu la manera com des de AGAMA MANACOR 249, S.L tractarem les dades personals dels nostres clients i usuaris web, en compliment de la normativa vigent en mat\u00e8ria de protecci\u00f3 de dades. Hi facilitarem tota la informaci\u00f3 legal sobre l&#8217;\u00fas que farem sobre les seves dades personals: les finalitats per a les quals [&hellip;]","og_url":"https:\/\/www.agamagrangesdemallorca.com\/ca\/politica-de-privacitat\/","og_site_name":"AGAMA | Leche de granjas de Mallorca","article_publisher":"https:\/\/www.facebook.com\/laccao.mallorca","article_modified_time":"2026-04-14T11:07:55+00:00","twitter_card":"summary_large_image","twitter_misc":{"Temps estimat de lectura":"11 minuts"},"schema":{"@context":"https:\/\/schema.org","@graph":[{"@type":"WebPage","@id":"https:\/\/www.agamagrangesdemallorca.com\/ca\/politica-de-privacitat\/","url":"https:\/\/www.agamagrangesdemallorca.com\/ca\/politica-de-privacitat\/","name":"Pol\u00edtica de privacitat - AGAMA | Leche de granjas de Mallorca","isPartOf":{"@id":"https:\/\/www.agamagrangesdemallorca.com\/ca\/#website"},"datePublished":"2024-02-19T09:33:04+00:00","dateModified":"2026-04-14T11:07:55+00:00","breadcrumb":{"@id":"https:\/\/www.agamagrangesdemallorca.com\/ca\/politica-de-privacitat\/#breadcrumb"},"inLanguage":"ca","potentialAction":[{"@type":"ReadAction","target":["https:\/\/www.agamagrangesdemallorca.com\/ca\/politica-de-privacitat\/"]}]},{"@type":"BreadcrumbList","@id":"https:\/\/www.agamagrangesdemallorca.com\/ca\/politica-de-privacitat\/#breadcrumb","itemListElement":[{"@type":"ListItem","position":1,"name":"Portada","item":"https:\/\/www.agamagrangesdemallorca.com\/ca\/"},{"@type":"ListItem","position":2,"name":"Pol\u00edtica de privacitat"}]},{"@type":"WebSite","@id":"https:\/\/www.agamagrangesdemallorca.com\/ca\/#website","url":"https:\/\/www.agamagrangesdemallorca.com\/ca\/","name":"AGAMA | Leche de granjas de Mallorca","description":"Desde 1958 las Granjas de Mallorca nos suministran leche reci\u00e9n orde\u00f1ada para elaborar nuestros deliciosos productos AGAMA.","publisher":{"@id":"https:\/\/www.agamagrangesdemallorca.com\/ca\/#organization"},"potentialAction":[{"@type":"SearchAction","target":{"@type":"EntryPoint","urlTemplate":"https:\/\/www.agamagrangesdemallorca.com\/ca\/?s={search_term_string}"},"query-input":{"@type":"PropertyValueSpecification","valueRequired":true,"valueName":"search_term_string"}}],"inLanguage":"ca"},{"@type":"Organization","@id":"https:\/\/www.agamagrangesdemallorca.com\/ca\/#organization","name":"AGAMA | Leche de granjas de Mallorca","url":"https:\/\/www.agamagrangesdemallorca.com\/ca\/","logo":{"@type":"ImageObject","inLanguage":"ca","@id":"https:\/\/www.agamagrangesdemallorca.com\/ca\/#\/schema\/logo\/image\/","url":"https:\/\/agamagrangesdemallorca.com\/wp-content\/uploads\/2024\/02\/agama-asociacion-general-agraria-mallorquina-b.svg","contentUrl":"https:\/\/agamagrangesdemallorca.com\/wp-content\/uploads\/2024\/02\/agama-asociacion-general-agraria-mallorquina-b.svg","width":"1024","height":"1024","caption":"AGAMA | Leche de granjas de Mallorca"},"image":{"@id":"https:\/\/www.agamagrangesdemallorca.com\/ca\/#\/schema\/logo\/image\/"},"sameAs":["https:\/\/www.facebook.com\/laccao.mallorca","https:\/\/www.instagram.com\/agamamallorca\/","https:\/\/www.pinterest.es\/laccao\/"]}]}},"_links":{"self":[{"href":"https:\/\/www.agamagrangesdemallorca.com\/ca\/wp-json\/wp\/v2\/pages\/111","targetHints":{"allow":["GET"]}}],"collection":[{"href":"https:\/\/www.agamagrangesdemallorca.com\/ca\/wp-json\/wp\/v2\/pages"}],"about":[{"href":"https:\/\/www.agamagrangesdemallorca.com\/ca\/wp-json\/wp\/v2\/types\/page"}],"author":[{"embeddable":true,"href":"https:\/\/www.agamagrangesdemallorca.com\/ca\/wp-json\/wp\/v2\/users\/1"}],"replies":[{"embeddable":true,"href":"https:\/\/www.agamagrangesdemallorca.com\/ca\/wp-json\/wp\/v2\/comments?post=111"}],"version-history":[{"count":1,"href":"https:\/\/www.agamagrangesdemallorca.com\/ca\/wp-json\/wp\/v2\/pages\/111\/revisions"}],"predecessor-version":[{"id":232,"href":"https:\/\/www.agamagrangesdemallorca.com\/ca\/wp-json\/wp\/v2\/pages\/111\/revisions\/232"}],"wp:attachment":[{"href":"https:\/\/www.agamagrangesdemallorca.com\/ca\/wp-json\/wp\/v2\/media?parent=111"}],"curies":[{"name":"wp","href":"https:\/\/api.w.org\/{rel}","templated":true}]}}